{"id":578,"date":"2024-06-23T02:36:32","date_gmt":"2024-06-23T00:36:32","guid":{"rendered":"http:\/\/horebnews.net\/?page_id=578"},"modified":"2024-06-23T02:36:35","modified_gmt":"2024-06-23T00:36:35","slug":"social","status":"publish","type":"page","link":"https:\/\/horebnews.net\/index.php\/social\/","title":{"rendered":"SOCIAL"},"content":{"rendered":"                <div id=\"wpmagazine-modules-lite-post-list-block-05566dad-88e3-4bbb-92cd-6c90b0a71c7e\" class=\"wpmagazine-modules-lite-post-list-block alignwide block-05566dad-88e3-4bbb-92cd-6c90b0a71c7e cvmm-block cvmm-block-post-list--layout-default\">\r\n                        <div class=\"cvmm-post-wrapper cvmm-post--imagemargin column--one\">\r\n                        <article post-id=\"post-2535\" class=\"cvmm-post post-format--standard\" itemscope itemtype=\"http:\/\/schema.org\/articleBody\">\r\n                                                <div class=\"cvmm-post-thumb\">\r\n                                <a href=\"https:\/\/horebnews.net\/index.php\/social\/justice-le-barreau-dit-condamne-avec-fermete-la-privation-de-liberte-de-me-doli-ini-benjamine-esther\/\" target=\"_self\"><img decoding=\"async\" src=\"https:\/\/horebnews.net\/wp-content\/uploads\/2025\/09\/294441217_105368145593845_2114198822327958058_n.jpg\" alt=\"Justice : le barreau dit condamn\u00e9 avec fermet\u00e9 la privation de libert\u00e9 de Me Doli Ini Benjamine Esther\"\/><\/a>\r\n                            <\/div>\r\n                    \r\n                <div class=\"cvmm-post-content-all-wrapper\">\r\n                                                <h2 class=\"cvmm-post-title\">\r\n                                <a href=\"https:\/\/horebnews.net\/index.php\/social\/justice-le-barreau-dit-condamne-avec-fermete-la-privation-de-liberte-de-me-doli-ini-benjamine-esther\/\" target=\"_self\">\r\n                                    Justice : le barreau dit condamn\u00e9 avec fermet\u00e9 la privation de libert\u00e9 de Me Doli Ini Benjamine Esther                                <\/a>\r\n                            <\/h2>\r\n                    \r\n                    <div class=\"cvmm-post-meta cvmm-meta-icon-show\">\r\n                        <span class=\"cvmm-post-date cvmm-post-meta-item\" itemprop=\"datePublished\"><a href=\"https:\/\/horebnews.net\/index.php\/social\/justice-le-barreau-dit-condamne-avec-fermete-la-privation-de-liberte-de-me-doli-ini-benjamine-esther\/\" target=\"_self\">il y a 8 mois<\/a><\/span><span class=\"cvmm-post-author-name cvmm-post-meta-item\" itemprop=\"author\"><a href=\"https:\/\/horebnews.net\/index.php\/author\/demsco82\/\" target=\"_self\">Salvador Ki\u00e9br\u00e9<\/a><\/span><span class=\"cvmm-post-comments-wrap cvmm-post-meta-item\"><a href=\"https:\/\/horebnews.net\/index.php\/social\/justice-le-barreau-dit-condamne-avec-fermete-la-privation-de-liberte-de-me-doli-ini-benjamine-esther\/\/#comments\" target=\"_self\">0<span class=\"cvmm-comment-txt\">Comments<\/span><\/a><\/span>                    <\/div>\r\n                    <div class=\"cvmm-post-content\" itemprop=\"description\">Dans un communiqu\u00e9 en, date du 4 septembre 2025, l&rsquo;ordre des avocats a exprim\u00e9 son\u2026<\/div><div class=\"cvmm-read-more\"><a href=\"https:\/\/horebnews.net\/index.php\/social\/justice-le-barreau-dit-condamne-avec-fermete-la-privation-de-liberte-de-me-doli-ini-benjamine-esther\/\" target=\"_self\">LIRE PLUS<i class=\"fas fa-arrow-right\"><\/i><\/a><\/div>\r\n                <\/div><!-- .cvmm-post-content-all-wrapper --> \r\n            <\/article>\r\n                        <article post-id=\"post-2525\" class=\"cvmm-post post-format--standard\" itemscope itemtype=\"http:\/\/schema.org\/articleBody\">\r\n                                                <div class=\"cvmm-post-thumb\">\r\n                                <a href=\"https:\/\/horebnews.net\/index.php\/social\/tenkodogo-maitre-paul-kere-fait-usage-de-son-arme-a-feu-et-blesse-une-personne\/\" target=\"_self\"><img decoding=\"async\" src=\"https:\/\/horebnews.net\/wp-content\/uploads\/2025\/09\/542640929_768131309313653_4140980271877128734_n.jpg\" alt=\"Tenkodogo : Ma\u00eetre Paul K\u00e9r\u00e9 fait usage de son arme \u00e0 feu et blesse une personne\"\/><\/a>\r\n                            <\/div>\r\n                    \r\n                <div class=\"cvmm-post-content-all-wrapper\">\r\n                                                <h2 class=\"cvmm-post-title\">\r\n                                <a href=\"https:\/\/horebnews.net\/index.php\/social\/tenkodogo-maitre-paul-kere-fait-usage-de-son-arme-a-feu-et-blesse-une-personne\/\" target=\"_self\">\r\n                                    Tenkodogo : Ma\u00eetre Paul K\u00e9r\u00e9 fait usage de son arme \u00e0 feu et blesse une personne                                <\/a>\r\n                            <\/h2>\r\n                    \r\n                    <div class=\"cvmm-post-meta cvmm-meta-icon-show\">\r\n                        <span class=\"cvmm-post-date cvmm-post-meta-item\" itemprop=\"datePublished\"><a href=\"https:\/\/horebnews.net\/index.php\/social\/tenkodogo-maitre-paul-kere-fait-usage-de-son-arme-a-feu-et-blesse-une-personne\/\" target=\"_self\">il y a 8 mois<\/a><\/span><span class=\"cvmm-post-author-name cvmm-post-meta-item\" itemprop=\"author\"><a href=\"https:\/\/horebnews.net\/index.php\/author\/demsco82\/\" target=\"_self\">Salvador Ki\u00e9br\u00e9<\/a><\/span><span class=\"cvmm-post-comments-wrap cvmm-post-meta-item\"><a href=\"https:\/\/horebnews.net\/index.php\/social\/tenkodogo-maitre-paul-kere-fait-usage-de-son-arme-a-feu-et-blesse-une-personne\/\/#comments\" target=\"_self\">0<span class=\"cvmm-comment-txt\">Comments<\/span><\/a><\/span>                    <\/div>\r\n                    <div class=\"cvmm-post-content\" itemprop=\"description\">Ma\u00eetre K\u00e9r\u00e9 Paul, avocat inscrit au Barreau du Burkina Faso, aurait fait usage de son\u2026<\/div><div class=\"cvmm-read-more\"><a href=\"https:\/\/horebnews.net\/index.php\/social\/tenkodogo-maitre-paul-kere-fait-usage-de-son-arme-a-feu-et-blesse-une-personne\/\" target=\"_self\">LIRE PLUS<i class=\"fas fa-arrow-right\"><\/i><\/a><\/div>\r\n                <\/div><!-- .cvmm-post-content-all-wrapper --> \r\n            <\/article>\r\n                        <article post-id=\"post-2485\" class=\"cvmm-post post-format--standard\" itemscope itemtype=\"http:\/\/schema.org\/articleBody\">\r\n                                                <div class=\"cvmm-post-thumb\">\r\n                                <a href=\"https:\/\/horebnews.net\/index.php\/politique\/code-des-personnes-et-de-la-famille-lhomosexualite-est-officiellement-interdite-au-burkina-faso\/\" target=\"_self\"><img decoding=\"async\" src=\"https:\/\/horebnews.net\/wp-content\/uploads\/2025\/09\/540791110_1083356533979175_6112539550120597180_n.jpg\" alt=\"Code des personnes et de la famille : L\u2019homosexualit\u00e9 est officiellement interdite au Burkina Faso\"\/><\/a>\r\n                            <\/div>\r\n                    \r\n                <div class=\"cvmm-post-content-all-wrapper\">\r\n                                                <h2 class=\"cvmm-post-title\">\r\n                                <a href=\"https:\/\/horebnews.net\/index.php\/politique\/code-des-personnes-et-de-la-famille-lhomosexualite-est-officiellement-interdite-au-burkina-faso\/\" target=\"_self\">\r\n                                    Code des personnes et de la famille : L\u2019homosexualit\u00e9 est officiellement interdite au Burkina Faso                                <\/a>\r\n                            <\/h2>\r\n                    \r\n                    <div class=\"cvmm-post-meta cvmm-meta-icon-show\">\r\n                        <span class=\"cvmm-post-date cvmm-post-meta-item\" itemprop=\"datePublished\"><a href=\"https:\/\/horebnews.net\/index.php\/politique\/code-des-personnes-et-de-la-famille-lhomosexualite-est-officiellement-interdite-au-burkina-faso\/\" target=\"_self\">il y a 8 mois<\/a><\/span><span class=\"cvmm-post-author-name cvmm-post-meta-item\" itemprop=\"author\"><a href=\"https:\/\/horebnews.net\/index.php\/author\/demsco82\/\" target=\"_self\">Salvador Ki\u00e9br\u00e9<\/a><\/span><span class=\"cvmm-post-comments-wrap cvmm-post-meta-item\"><a href=\"https:\/\/horebnews.net\/index.php\/politique\/code-des-personnes-et-de-la-famille-lhomosexualite-est-officiellement-interdite-au-burkina-faso\/\/#comments\" target=\"_self\">0<span class=\"cvmm-comment-txt\">Comments<\/span><\/a><\/span>                    <\/div>\r\n                    <div class=\"cvmm-post-content\" itemprop=\"description\">Sous la pr\u00e9sidence du Pr\u00e9sident de l&rsquo;Assembl\u00e9e l\u00e9gislative de transition, Dr Ousmane BOUGOUMA, les d\u00e9put\u00e9s\u2026<\/div><div class=\"cvmm-read-more\"><a href=\"https:\/\/horebnews.net\/index.php\/politique\/code-des-personnes-et-de-la-famille-lhomosexualite-est-officiellement-interdite-au-burkina-faso\/\" target=\"_self\">LIRE PLUS<i class=\"fas fa-arrow-right\"><\/i><\/a><\/div>\r\n                <\/div><!-- .cvmm-post-content-all-wrapper --> \r\n            <\/article>\r\n                        <article post-id=\"post-2482\" class=\"cvmm-post post-format--standard\" itemscope itemtype=\"http:\/\/schema.org\/articleBody\">\r\n                                                <div class=\"cvmm-post-thumb\">\r\n                                <a href=\"https:\/\/horebnews.net\/index.php\/politique\/le-president-du-faso-chef-de-letat-le-capitaine-ibrahim-traore-a-recu-en-audience-ce-vendredi-ouagadougou-29-aout-2025-une-delegation-du-nouveau-bureau-du-presidium-de-la-federation-de\/\" target=\"_self\"><img decoding=\"async\" src=\"https:\/\/horebnews.net\/wp-content\/uploads\/2025\/09\/540914111_1189208679914609_2026654723042985929_n.jpg\" alt=\"FAIB : le nouveau bureau chez le pr\u00e9sident du Faso\"\/><\/a>\r\n                            <\/div>\r\n                    \r\n                <div class=\"cvmm-post-content-all-wrapper\">\r\n                                                <h2 class=\"cvmm-post-title\">\r\n                                <a href=\"https:\/\/horebnews.net\/index.php\/politique\/le-president-du-faso-chef-de-letat-le-capitaine-ibrahim-traore-a-recu-en-audience-ce-vendredi-ouagadougou-29-aout-2025-une-delegation-du-nouveau-bureau-du-presidium-de-la-federation-de\/\" target=\"_self\">\r\n                                    FAIB : le nouveau bureau chez le pr\u00e9sident du Faso                                <\/a>\r\n                            <\/h2>\r\n                    \r\n                    <div class=\"cvmm-post-meta cvmm-meta-icon-show\">\r\n                        <span class=\"cvmm-post-date cvmm-post-meta-item\" itemprop=\"datePublished\"><a href=\"https:\/\/horebnews.net\/index.php\/politique\/le-president-du-faso-chef-de-letat-le-capitaine-ibrahim-traore-a-recu-en-audience-ce-vendredi-ouagadougou-29-aout-2025-une-delegation-du-nouveau-bureau-du-presidium-de-la-federation-de\/\" target=\"_self\">il y a 8 mois<\/a><\/span><span class=\"cvmm-post-author-name cvmm-post-meta-item\" itemprop=\"author\"><a href=\"https:\/\/horebnews.net\/index.php\/author\/demsco82\/\" target=\"_self\">Salvador Ki\u00e9br\u00e9<\/a><\/span><span class=\"cvmm-post-comments-wrap cvmm-post-meta-item\"><a href=\"https:\/\/horebnews.net\/index.php\/politique\/le-president-du-faso-chef-de-letat-le-capitaine-ibrahim-traore-a-recu-en-audience-ce-vendredi-ouagadougou-29-aout-2025-une-delegation-du-nouveau-bureau-du-presidium-de-la-federation-de\/\/#comments\" target=\"_self\">0<span class=\"cvmm-comment-txt\">Comments<\/span><\/a><\/span>                    <\/div>\r\n                    <div class=\"cvmm-post-content\" itemprop=\"description\">Le Pr\u00e9sident du Faso, Chef de l\u2019\u00c9tat, le Capitaine Ibrahim TRAOR\u00c9, a re\u00e7u en audience\u2026<\/div><div class=\"cvmm-read-more\"><a href=\"https:\/\/horebnews.net\/index.php\/politique\/le-president-du-faso-chef-de-letat-le-capitaine-ibrahim-traore-a-recu-en-audience-ce-vendredi-ouagadougou-29-aout-2025-une-delegation-du-nouveau-bureau-du-presidium-de-la-federation-de\/\" target=\"_self\">LIRE PLUS<i class=\"fas fa-arrow-right\"><\/i><\/a><\/div>\r\n                <\/div><!-- .cvmm-post-content-all-wrapper --> \r\n            <\/article>\r\n                        <article post-id=\"post-2478\" class=\"cvmm-post post-format--standard\" itemscope itemtype=\"http:\/\/schema.org\/articleBody\">\r\n                                                <div class=\"cvmm-post-thumb\">\r\n                                <a href=\"https:\/\/horebnews.net\/index.php\/politique\/journee-de-lexcellence-scolaire-2025-le-capitaine-ibrahim-traore-appelle-a-une-revolution-educative\/\" target=\"_self\"><img decoding=\"async\" src=\"https:\/\/horebnews.net\/wp-content\/uploads\/2025\/09\/536932824_1183598467142297_7547122237810089714_n.jpg\" alt=\"Journ\u00e9e de l&rsquo;excellence scolaire 2025 : \u200eLe Capitaine Ibrahim TRAOR\u00c9 appelle \u00e0 une r\u00e9volution \u00e9ducative\"\/><\/a>\r\n                            <\/div>\r\n                    \r\n                <div class=\"cvmm-post-content-all-wrapper\">\r\n                                                <h2 class=\"cvmm-post-title\">\r\n                                <a href=\"https:\/\/horebnews.net\/index.php\/politique\/journee-de-lexcellence-scolaire-2025-le-capitaine-ibrahim-traore-appelle-a-une-revolution-educative\/\" target=\"_self\">\r\n                                    Journ\u00e9e de l&rsquo;excellence scolaire 2025 : \u200eLe Capitaine Ibrahim TRAOR\u00c9 appelle \u00e0 une r\u00e9volution \u00e9ducative                                <\/a>\r\n                            <\/h2>\r\n                    \r\n                    <div class=\"cvmm-post-meta cvmm-meta-icon-show\">\r\n                        <span class=\"cvmm-post-date cvmm-post-meta-item\" itemprop=\"datePublished\"><a href=\"https:\/\/horebnews.net\/index.php\/politique\/journee-de-lexcellence-scolaire-2025-le-capitaine-ibrahim-traore-appelle-a-une-revolution-educative\/\" target=\"_self\">il y a 8 mois<\/a><\/span><span class=\"cvmm-post-author-name cvmm-post-meta-item\" itemprop=\"author\"><a href=\"https:\/\/horebnews.net\/index.php\/author\/demsco82\/\" target=\"_self\">Salvador Ki\u00e9br\u00e9<\/a><\/span><span class=\"cvmm-post-comments-wrap cvmm-post-meta-item\"><a href=\"https:\/\/horebnews.net\/index.php\/politique\/journee-de-lexcellence-scolaire-2025-le-capitaine-ibrahim-traore-appelle-a-une-revolution-educative\/\/#comments\" target=\"_self\">0<span class=\"cvmm-comment-txt\">Comments<\/span><\/a><\/span>                    <\/div>\r\n                    <div class=\"cvmm-post-content\" itemprop=\"description\">Le Pr\u00e9sident du Faso, Chef de l\u2019\u00c9tat, le Capitaine Ibrahim TRAOR\u00c9 a pr\u00e9sid\u00e9, ce vendredi\u2026<\/div><div class=\"cvmm-read-more\"><a href=\"https:\/\/horebnews.net\/index.php\/politique\/journee-de-lexcellence-scolaire-2025-le-capitaine-ibrahim-traore-appelle-a-une-revolution-educative\/\" target=\"_self\">LIRE PLUS<i class=\"fas fa-arrow-right\"><\/i><\/a><\/div>\r\n                <\/div><!-- .cvmm-post-content-all-wrapper --> \r\n            <\/article>\r\n                        <article post-id=\"post-2467\" class=\"cvmm-post post-format--standard\" itemscope itemtype=\"http:\/\/schema.org\/articleBody\">\r\n                                                <div class=\"cvmm-post-thumb\">\r\n                                <a href=\"https:\/\/horebnews.net\/index.php\/politique\/conseil-des-ministres-les-autorites-annoncent-le-recrutement-de-1-367-agents-par-concours-directs-sans-formation-et-par-selection-sur-dossier-au-titre-de-lannee-2025\/\" target=\"_self\"><img decoding=\"async\" src=\"https:\/\/horebnews.net\/wp-content\/uploads\/2025\/09\/509608334_1130699742432170_219706317123642924_n.jpg\" alt=\"Conseil des ministres : les autorit\u00e9s annoncent le recrutement de 1 367 agents par concours directs sans formation et par s\u00e9lection sur dossier au titre de l\u2019ann\u00e9e 2025\"\/><\/a>\r\n                            <\/div>\r\n                    \r\n                <div class=\"cvmm-post-content-all-wrapper\">\r\n                                                <h2 class=\"cvmm-post-title\">\r\n                                <a href=\"https:\/\/horebnews.net\/index.php\/politique\/conseil-des-ministres-les-autorites-annoncent-le-recrutement-de-1-367-agents-par-concours-directs-sans-formation-et-par-selection-sur-dossier-au-titre-de-lannee-2025\/\" target=\"_self\">\r\n                                    Conseil des ministres : les autorit\u00e9s annoncent le recrutement de 1 367 agents par concours directs sans formation et par s\u00e9lection sur dossier au titre de l\u2019ann\u00e9e 2025                                <\/a>\r\n                            <\/h2>\r\n                    \r\n                    <div class=\"cvmm-post-meta cvmm-meta-icon-show\">\r\n                        <span class=\"cvmm-post-date cvmm-post-meta-item\" itemprop=\"datePublished\"><a href=\"https:\/\/horebnews.net\/index.php\/politique\/conseil-des-ministres-les-autorites-annoncent-le-recrutement-de-1-367-agents-par-concours-directs-sans-formation-et-par-selection-sur-dossier-au-titre-de-lannee-2025\/\" target=\"_self\">il y a 8 mois<\/a><\/span><span class=\"cvmm-post-author-name cvmm-post-meta-item\" itemprop=\"author\"><a href=\"https:\/\/horebnews.net\/index.php\/author\/demsco82\/\" target=\"_self\">Salvador Ki\u00e9br\u00e9<\/a><\/span><span class=\"cvmm-post-comments-wrap cvmm-post-meta-item\"><a href=\"https:\/\/horebnews.net\/index.php\/politique\/conseil-des-ministres-les-autorites-annoncent-le-recrutement-de-1-367-agents-par-concours-directs-sans-formation-et-par-selection-sur-dossier-au-titre-de-lannee-2025\/\/#comments\" target=\"_self\">0<span class=\"cvmm-comment-txt\">Comments<\/span><\/a><\/span>                    <\/div>\r\n                    <div class=\"cvmm-post-content\" itemprop=\"description\">Le Pr\u00e9sident du Faso, Chef de l\u2019\u00c9tat, le Capitaine Ibrahim TRAOR\u00c9 a pr\u00e9sid\u00e9 ce mercredi\u2026<\/div><div class=\"cvmm-read-more\"><a href=\"https:\/\/horebnews.net\/index.php\/politique\/conseil-des-ministres-les-autorites-annoncent-le-recrutement-de-1-367-agents-par-concours-directs-sans-formation-et-par-selection-sur-dossier-au-titre-de-lannee-2025\/\" target=\"_self\">LIRE PLUS<i class=\"fas fa-arrow-right\"><\/i><\/a><\/div>\r\n                <\/div><!-- .cvmm-post-content-all-wrapper --> \r\n            <\/article>\r\n            <\/div>                <\/div><!-- #wpmagazine-modules-post-list-block -->\r\n        ","protected":false},"excerpt":{"rendered":"","protected":false},"author":1,"featured_media":0,"parent":0,"menu_order":0,"comment_status":"closed","ping_status":"closed","template":"","meta":{"footnotes":""},"yoast_head":"<!-- This site is optimized with the Yoast SEO plugin v22.9 - https:\/\/yoast.com\/wordpress\/plugins\/seo\/ -->\n<title>SOCIAL - HOREBNEWS<\/title>\n<meta name=\"robots\" content=\"index, follow, max-snippet:-1, max-image-preview:large, max-video-preview:-1\" \/>\n<link rel=\"canonical\" href=\"https:\/\/horebnews.net\/index.php\/social\/\" \/>\n<meta property=\"og:locale\" content=\"fr_FR\" \/>\n<meta property=\"og:type\" content=\"article\" \/>\n<meta property=\"og:title\" content=\"SOCIAL - HOREBNEWS\" \/>\n<meta property=\"og:url\" content=\"https:\/\/horebnews.net\/index.php\/social\/\" \/>\n<meta property=\"og:site_name\" content=\"HOREBNEWS\" \/>\n<meta property=\"article:modified_time\" content=\"2024-06-23T00:36:35+00:00\" \/>\n<meta name=\"twitter:card\" content=\"summary_large_image\" \/>\n<script type=\"application\/ld+json\" class=\"yoast-schema-graph\">{\"@context\":\"https:\/\/schema.org\",\"@graph\":[{\"@type\":\"WebPage\",\"@id\":\"https:\/\/horebnews.net\/index.php\/social\/\",\"url\":\"https:\/\/horebnews.net\/index.php\/social\/\",\"name\":\"SOCIAL - HOREBNEWS\",\"isPartOf\":{\"@id\":\"https:\/\/horebnews.net\/#website\"},\"datePublished\":\"2024-06-23T00:36:32+00:00\",\"dateModified\":\"2024-06-23T00:36:35+00:00\",\"breadcrumb\":{\"@id\":\"https:\/\/horebnews.net\/index.php\/social\/#breadcrumb\"},\"inLanguage\":\"fr-FR\",\"potentialAction\":[{\"@type\":\"ReadAction\",\"target\":[\"https:\/\/horebnews.net\/index.php\/social\/\"]}]},{\"@type\":\"BreadcrumbList\",\"@id\":\"https:\/\/horebnews.net\/index.php\/social\/#breadcrumb\",\"itemListElement\":[{\"@type\":\"ListItem\",\"position\":1,\"name\":\"Accueil\",\"item\":\"https:\/\/horebnews.net\/\"},{\"@type\":\"ListItem\",\"position\":2,\"name\":\"SOCIAL\"}]},{\"@type\":\"WebSite\",\"@id\":\"https:\/\/horebnews.net\/#website\",\"url\":\"https:\/\/horebnews.net\/\",\"name\":\"HOREBNEWS\",\"description\":\"La vraie info\",\"publisher\":{\"@id\":\"https:\/\/horebnews.net\/#organization\"},\"potentialAction\":[{\"@type\":\"SearchAction\",\"target\":{\"@type\":\"EntryPoint\",\"urlTemplate\":\"https:\/\/horebnews.net\/?s={search_term_string}\"},\"query-input\":\"required name=search_term_string\"}],\"inLanguage\":\"fr-FR\"},{\"@type\":\"Organization\",\"@id\":\"https:\/\/horebnews.net\/#organization\",\"name\":\"HOREBNEWS\",\"url\":\"https:\/\/horebnews.net\/\",\"logo\":{\"@type\":\"ImageObject\",\"inLanguage\":\"fr-FR\",\"@id\":\"https:\/\/horebnews.net\/#\/schema\/logo\/image\/\",\"url\":\"http:\/\/horebnews.net\/wp-content\/uploads\/2024\/06\/Image-collee-7.png\",\"contentUrl\":\"http:\/\/horebnews.net\/wp-content\/uploads\/2024\/06\/Image-collee-7.png\",\"width\":399,\"height\":113,\"caption\":\"HOREBNEWS\"},\"image\":{\"@id\":\"https:\/\/horebnews.net\/#\/schema\/logo\/image\/\"}}]}<\/script>\n<!-- \/ Yoast SEO plugin. -->","yoast_head_json":{"title":"SOCIAL - HOREBNEWS","robots":{"index":"index","follow":"follow","max-snippet":"max-snippet:-1","max-image-preview":"max-image-preview:large","max-video-preview":"max-video-preview:-1"},"canonical":"https:\/\/horebnews.net\/index.php\/social\/","og_locale":"fr_FR","og_type":"article","og_title":"SOCIAL - HOREBNEWS","og_url":"https:\/\/horebnews.net\/index.php\/social\/","og_site_name":"HOREBNEWS","article_modified_time":"2024-06-23T00:36:35+00:00","twitter_card":"summary_large_image","schema":{"@context":"https:\/\/schema.org","@graph":[{"@type":"WebPage","@id":"https:\/\/horebnews.net\/index.php\/social\/","url":"https:\/\/horebnews.net\/index.php\/social\/","name":"SOCIAL - HOREBNEWS","isPartOf":{"@id":"https:\/\/horebnews.net\/#website"},"datePublished":"2024-06-23T00:36:32+00:00","dateModified":"2024-06-23T00:36:35+00:00","breadcrumb":{"@id":"https:\/\/horebnews.net\/index.php\/social\/#breadcrumb"},"inLanguage":"fr-FR","potentialAction":[{"@type":"ReadAction","target":["https:\/\/horebnews.net\/index.php\/social\/"]}]},{"@type":"BreadcrumbList","@id":"https:\/\/horebnews.net\/index.php\/social\/#breadcrumb","itemListElement":[{"@type":"ListItem","position":1,"name":"Accueil","item":"https:\/\/horebnews.net\/"},{"@type":"ListItem","position":2,"name":"SOCIAL"}]},{"@type":"WebSite","@id":"https:\/\/horebnews.net\/#website","url":"https:\/\/horebnews.net\/","name":"HOREBNEWS","description":"La vraie info","publisher":{"@id":"https:\/\/horebnews.net\/#organization"},"potentialAction":[{"@type":"SearchAction","target":{"@type":"EntryPoint","urlTemplate":"https:\/\/horebnews.net\/?s={search_term_string}"},"query-input":"required name=search_term_string"}],"inLanguage":"fr-FR"},{"@type":"Organization","@id":"https:\/\/horebnews.net\/#organization","name":"HOREBNEWS","url":"https:\/\/horebnews.net\/","logo":{"@type":"ImageObject","inLanguage":"fr-FR","@id":"https:\/\/horebnews.net\/#\/schema\/logo\/image\/","url":"http:\/\/horebnews.net\/wp-content\/uploads\/2024\/06\/Image-collee-7.png","contentUrl":"http:\/\/horebnews.net\/wp-content\/uploads\/2024\/06\/Image-collee-7.png","width":399,"height":113,"caption":"HOREBNEWS"},"image":{"@id":"https:\/\/horebnews.net\/#\/schema\/logo\/image\/"}}]}},"wpmagazine_modules_lite_featured_media_urls":{"thumbnail":"","cvmm-medium":"","cvmm-medium-plus":"","cvmm-portrait":"","cvmm-medium-square":"","cvmm-large":"","cvmm-small":"","full":""},"categories_names":null,"comments_number":"0","_links":{"self":[{"href":"https:\/\/horebnews.net\/index.php\/wp-json\/wp\/v2\/pages\/578"}],"collection":[{"href":"https:\/\/horebnews.net\/index.php\/wp-json\/wp\/v2\/pages"}],"about":[{"href":"https:\/\/horebnews.net\/index.php\/wp-json\/wp\/v2\/types\/page"}],"author":[{"embeddable":true,"href":"https:\/\/horebnews.net\/index.php\/wp-json\/wp\/v2\/users\/1"}],"replies":[{"embeddable":true,"href":"https:\/\/horebnews.net\/index.php\/wp-json\/wp\/v2\/comments?post=578"}],"version-history":[{"count":2,"href":"https:\/\/horebnews.net\/index.php\/wp-json\/wp\/v2\/pages\/578\/revisions"}],"predecessor-version":[{"id":580,"href":"https:\/\/horebnews.net\/index.php\/wp-json\/wp\/v2\/pages\/578\/revisions\/580"}],"wp:attachment":[{"href":"https:\/\/horebnews.net\/index.php\/wp-json\/wp\/v2\/media?parent=578"}],"curies":[{"name":"wp","href":"https:\/\/api.w.org\/{rel}","templated":true}]}}