{"id":575,"date":"2024-06-23T02:33:13","date_gmt":"2024-06-23T00:33:13","guid":{"rendered":"http:\/\/horebnews.net\/?page_id=575"},"modified":"2024-06-23T02:49:16","modified_gmt":"2024-06-23T00:49:16","slug":"sport","status":"publish","type":"page","link":"https:\/\/horebnews.net\/index.php\/sport\/","title":{"rendered":"SPORT"},"content":{"rendered":"                <div id=\"wpmagazine-modules-lite-post-list-block-106105d6-894f-46af-b6e5-4bddc30b1e2c\" class=\"wpmagazine-modules-lite-post-list-block alignwide block-106105d6-894f-46af-b6e5-4bddc30b1e2c cvmm-block cvmm-block-post-list--layout-default\">\r\n                        <div class=\"cvmm-post-wrapper cvmm-post--imagemargin column--one\">\r\n                        <article post-id=\"post-2457\" class=\"cvmm-post post-format--standard\" itemscope itemtype=\"http:\/\/schema.org\/articleBody\">\r\n                                                <div class=\"cvmm-post-thumb\">\r\n                                <a href=\"https:\/\/horebnews.net\/index.php\/sport\/reouverture-du-stade-du-4-aout-desormais-les-etalons-pourront-se-battre-devant-leur-public\/\" target=\"_self\"><img decoding=\"async\" src=\"https:\/\/horebnews.net\/wp-content\/uploads\/2025\/09\/528730772_1168862131949264_4352799851364157228_n.jpg\" alt=\"R\u00e9ouverture du stade du 4-Ao\u00fbt : D\u00e9sormais les Etalons pourront se battre devant leur public.\"\/><\/a>\r\n                            <\/div>\r\n                    \r\n                <div class=\"cvmm-post-content-all-wrapper\">\r\n                                                <h2 class=\"cvmm-post-title\">\r\n                                <a href=\"https:\/\/horebnews.net\/index.php\/sport\/reouverture-du-stade-du-4-aout-desormais-les-etalons-pourront-se-battre-devant-leur-public\/\" target=\"_self\">\r\n                                    R\u00e9ouverture du stade du 4-Ao\u00fbt : D\u00e9sormais les Etalons pourront se battre devant leur public.                                <\/a>\r\n                            <\/h2>\r\n                    \r\n                    <div class=\"cvmm-post-meta cvmm-meta-icon-show\">\r\n                        <span class=\"cvmm-post-date cvmm-post-meta-item\" itemprop=\"datePublished\"><a href=\"https:\/\/horebnews.net\/index.php\/sport\/reouverture-du-stade-du-4-aout-desormais-les-etalons-pourront-se-battre-devant-leur-public\/\" target=\"_self\">il y a 8 mois<\/a><\/span><span class=\"cvmm-post-author-name cvmm-post-meta-item\" itemprop=\"author\"><a href=\"https:\/\/horebnews.net\/index.php\/author\/demsco82\/\" target=\"_self\">Salvador Ki\u00e9br\u00e9<\/a><\/span><span class=\"cvmm-post-comments-wrap cvmm-post-meta-item\"><a href=\"https:\/\/horebnews.net\/index.php\/sport\/reouverture-du-stade-du-4-aout-desormais-les-etalons-pourront-se-battre-devant-leur-public\/\/#comments\" target=\"_self\">0<span class=\"cvmm-comment-txt\">Comments<\/span><\/a><\/span>                    <\/div>\r\n                    <div class=\"cvmm-post-content\" itemprop=\"description\">Le Pr\u00e9sident du Faso, Chef de l\u2019\u00c9tat, le Capitaine Ibrahim TRAOR\u00c9 a pr\u00e9sid\u00e9, ce lundi\u2026<\/div><div class=\"cvmm-read-more\"><a href=\"https:\/\/horebnews.net\/index.php\/sport\/reouverture-du-stade-du-4-aout-desormais-les-etalons-pourront-se-battre-devant-leur-public\/\" target=\"_self\">LIRE PLUS<i class=\"fas fa-arrow-right\"><\/i><\/a><\/div>\r\n                <\/div><!-- .cvmm-post-content-all-wrapper --> \r\n            <\/article>\r\n                        <article post-id=\"post-2440\" class=\"cvmm-post post-format--standard\" itemscope itemtype=\"http:\/\/schema.org\/articleBody\">\r\n                                                <div class=\"cvmm-post-thumb\">\r\n                                <a href=\"https:\/\/horebnews.net\/index.php\/sport\/stade-du-4-aout-les-choses-serieuses-peuvent-commencer\/\" target=\"_self\"><img decoding=\"async\" src=\"https:\/\/horebnews.net\/wp-content\/uploads\/2025\/09\/515304552_1143645434470934_1434644272293375074_n.jpg\" alt=\"Stade du 4 Ao\u00fbt : Les choses s\u00e9rieuses peuvent commencer\"\/><\/a>\r\n                            <\/div>\r\n                    \r\n                <div class=\"cvmm-post-content-all-wrapper\">\r\n                                                <h2 class=\"cvmm-post-title\">\r\n                                <a href=\"https:\/\/horebnews.net\/index.php\/sport\/stade-du-4-aout-les-choses-serieuses-peuvent-commencer\/\" target=\"_self\">\r\n                                    Stade du 4 Ao\u00fbt : Les choses s\u00e9rieuses peuvent commencer                                <\/a>\r\n                            <\/h2>\r\n                    \r\n                    <div class=\"cvmm-post-meta cvmm-meta-icon-show\">\r\n                        <span class=\"cvmm-post-date cvmm-post-meta-item\" itemprop=\"datePublished\"><a href=\"https:\/\/horebnews.net\/index.php\/sport\/stade-du-4-aout-les-choses-serieuses-peuvent-commencer\/\" target=\"_self\">il y a 8 mois<\/a><\/span><span class=\"cvmm-post-author-name cvmm-post-meta-item\" itemprop=\"author\"><a href=\"https:\/\/horebnews.net\/index.php\/author\/demsco82\/\" target=\"_self\">Salvador Ki\u00e9br\u00e9<\/a><\/span><span class=\"cvmm-post-comments-wrap cvmm-post-meta-item\"><a href=\"https:\/\/horebnews.net\/index.php\/sport\/stade-du-4-aout-les-choses-serieuses-peuvent-commencer\/\/#comments\" target=\"_self\">0<span class=\"cvmm-comment-txt\">Comments<\/span><\/a><\/span>                    <\/div>\r\n                    <div class=\"cvmm-post-content\" itemprop=\"description\">Le Pr\u00e9sident du Faso, Chef de l\u2019\u00c9tat, le Capitaine Ibrahim TRAOR\u00c9, a re\u00e7u ce vendredi\u2026<\/div><div class=\"cvmm-read-more\"><a href=\"https:\/\/horebnews.net\/index.php\/sport\/stade-du-4-aout-les-choses-serieuses-peuvent-commencer\/\" target=\"_self\">LIRE PLUS<i class=\"fas fa-arrow-right\"><\/i><\/a><\/div>\r\n                <\/div><!-- .cvmm-post-content-all-wrapper --> \r\n            <\/article>\r\n                        <article post-id=\"post-2332\" class=\"cvmm-post post-format--standard\" itemscope itemtype=\"http:\/\/schema.org\/articleBody\">\r\n                                                <div class=\"cvmm-post-thumb\">\r\n                                <a href=\"https:\/\/horebnews.net\/index.php\/sport\/lutte-contre-limperialisme-des-legendes-du-football-africain-expriment-leur-solidarite-au-president-du-faso\/\" target=\"_self\"><img decoding=\"async\" src=\"https:\/\/horebnews.net\/wp-content\/uploads\/2025\/08\/1755690465258.jpg\" alt=\"Lutte contre l&rsquo;imp\u00e9rialisme: Des l\u00e9gendes du football africain expriment leur solidarit\u00e9 au Pr\u00e9sident du Faso.\"\/><\/a>\r\n                            <\/div>\r\n                    \r\n                <div class=\"cvmm-post-content-all-wrapper\">\r\n                                                <h2 class=\"cvmm-post-title\">\r\n                                <a href=\"https:\/\/horebnews.net\/index.php\/sport\/lutte-contre-limperialisme-des-legendes-du-football-africain-expriment-leur-solidarite-au-president-du-faso\/\" target=\"_self\">\r\n                                    Lutte contre l&rsquo;imp\u00e9rialisme: Des l\u00e9gendes du football africain expriment leur solidarit\u00e9 au Pr\u00e9sident du Faso.                                <\/a>\r\n                            <\/h2>\r\n                    \r\n                    <div class=\"cvmm-post-meta cvmm-meta-icon-show\">\r\n                        <span class=\"cvmm-post-date cvmm-post-meta-item\" itemprop=\"datePublished\"><a href=\"https:\/\/horebnews.net\/index.php\/sport\/lutte-contre-limperialisme-des-legendes-du-football-africain-expriment-leur-solidarite-au-president-du-faso\/\" target=\"_self\">il y a 9 mois<\/a><\/span><span class=\"cvmm-post-author-name cvmm-post-meta-item\" itemprop=\"author\"><a href=\"https:\/\/horebnews.net\/index.php\/author\/demsco82\/\" target=\"_self\">Salvador Ki\u00e9br\u00e9<\/a><\/span><span class=\"cvmm-post-comments-wrap cvmm-post-meta-item\"><a href=\"https:\/\/horebnews.net\/index.php\/sport\/lutte-contre-limperialisme-des-legendes-du-football-africain-expriment-leur-solidarite-au-president-du-faso\/\/#comments\" target=\"_self\">0<span class=\"cvmm-comment-txt\">Comments<\/span><\/a><\/span>                    <\/div>\r\n                    <div class=\"cvmm-post-content\" itemprop=\"description\">Le jeu collectif de l\u2019\u00e9quipe de la Pr\u00e9sidence du Faso, la Pr\u00e9Faso, a triomph\u00e9 des\u2026<\/div><div class=\"cvmm-read-more\"><a href=\"https:\/\/horebnews.net\/index.php\/sport\/lutte-contre-limperialisme-des-legendes-du-football-africain-expriment-leur-solidarite-au-president-du-faso\/\" target=\"_self\">LIRE PLUS<i class=\"fas fa-arrow-right\"><\/i><\/a><\/div>\r\n                <\/div><!-- .cvmm-post-content-all-wrapper --> \r\n            <\/article>\r\n                        <article post-id=\"post-2200\" class=\"cvmm-post post-format--standard\" itemscope itemtype=\"http:\/\/schema.org\/articleBody\">\r\n                                                <div class=\"cvmm-post-thumb\">\r\n                                <a href=\"https:\/\/horebnews.net\/index.php\/sport\/le-capitaine-ibrahim-traore-aux-etalons-u17-vous-devez-rester-ensemble-et-nous-ramener-la-can-senior\/\" target=\"_self\"><img decoding=\"async\" src=\"https:\/\/horebnews.net\/wp-content\/uploads\/2025\/05\/WhatsApp-Image-2025-04-22-at-17.06.42-scaled-2560x1280-1.jpeg\" alt=\"Le Capitaine Ibrahim TRAOR\u00c9 aux \u00c9talons U17 : \u00ab vous devez rester ensemble et nous ramener la CAN senior ! \u00bb\"\/><\/a>\r\n                            <\/div>\r\n                    \r\n                <div class=\"cvmm-post-content-all-wrapper\">\r\n                                                <h2 class=\"cvmm-post-title\">\r\n                                <a href=\"https:\/\/horebnews.net\/index.php\/sport\/le-capitaine-ibrahim-traore-aux-etalons-u17-vous-devez-rester-ensemble-et-nous-ramener-la-can-senior\/\" target=\"_self\">\r\n                                    Le Capitaine Ibrahim TRAOR\u00c9 aux \u00c9talons U17 : \u00ab vous devez rester ensemble et nous ramener la CAN senior ! \u00bb                                <\/a>\r\n                            <\/h2>\r\n                    \r\n                    <div class=\"cvmm-post-meta cvmm-meta-icon-show\">\r\n                        <span class=\"cvmm-post-date cvmm-post-meta-item\" itemprop=\"datePublished\"><a href=\"https:\/\/horebnews.net\/index.php\/sport\/le-capitaine-ibrahim-traore-aux-etalons-u17-vous-devez-rester-ensemble-et-nous-ramener-la-can-senior\/\" target=\"_self\">1 mai 2025<\/a><\/span><span class=\"cvmm-post-author-name cvmm-post-meta-item\" itemprop=\"author\"><a href=\"https:\/\/horebnews.net\/index.php\/author\/madeleine-damiba\/\" target=\"_self\">Madeleine Damiba<\/a><\/span><span class=\"cvmm-post-comments-wrap cvmm-post-meta-item\"><a href=\"https:\/\/horebnews.net\/index.php\/sport\/le-capitaine-ibrahim-traore-aux-etalons-u17-vous-devez-rester-ensemble-et-nous-ramener-la-can-senior\/\/#comments\" target=\"_self\">0<span class=\"cvmm-comment-txt\">Comments<\/span><\/a><\/span>                    <\/div>\r\n                    <div class=\"cvmm-post-content\" itemprop=\"description\">Le Pr\u00e9sident du Faso, Chef de l\u2019\u00c9tat, le Capitaine Ibrahim TRAOR\u00c9 a re\u00e7u en audience\u2026<\/div><div class=\"cvmm-read-more\"><a href=\"https:\/\/horebnews.net\/index.php\/sport\/le-capitaine-ibrahim-traore-aux-etalons-u17-vous-devez-rester-ensemble-et-nous-ramener-la-can-senior\/\" target=\"_self\">LIRE PLUS<i class=\"fas fa-arrow-right\"><\/i><\/a><\/div>\r\n                <\/div><!-- .cvmm-post-content-all-wrapper --> \r\n            <\/article>\r\n                        <article post-id=\"post-1864\" class=\"cvmm-post post-format--standard\" itemscope itemtype=\"http:\/\/schema.org\/articleBody\">\r\n                                                <div class=\"cvmm-post-thumb\">\r\n                                <a href=\"https:\/\/horebnews.net\/index.php\/sport\/grand-prix-du-president-du-faso-en-sports-equestres-le-jockey-nourou-kabore-decroche-la-medaille-dor\/\" target=\"_self\"><img decoding=\"async\" src=\"https:\/\/horebnews.net\/wp-content\/uploads\/2024\/12\/470666739_993945749440904_5383838598174026230_n.jpg\" alt=\"Grand Prix du Pr\u00e9sident du Faso en sports \u00e9questres : le jockey Nourou KABORE d\u00e9croche la m\u00e9daille d\u2019Or\"\/><\/a>\r\n                            <\/div>\r\n                    \r\n                <div class=\"cvmm-post-content-all-wrapper\">\r\n                                                <h2 class=\"cvmm-post-title\">\r\n                                <a href=\"https:\/\/horebnews.net\/index.php\/sport\/grand-prix-du-president-du-faso-en-sports-equestres-le-jockey-nourou-kabore-decroche-la-medaille-dor\/\" target=\"_self\">\r\n                                    Grand Prix du Pr\u00e9sident du Faso en sports \u00e9questres : le jockey Nourou KABORE d\u00e9croche la m\u00e9daille d\u2019Or                                <\/a>\r\n                            <\/h2>\r\n                    \r\n                    <div class=\"cvmm-post-meta cvmm-meta-icon-show\">\r\n                        <span class=\"cvmm-post-date cvmm-post-meta-item\" itemprop=\"datePublished\"><a href=\"https:\/\/horebnews.net\/index.php\/sport\/grand-prix-du-president-du-faso-en-sports-equestres-le-jockey-nourou-kabore-decroche-la-medaille-dor\/\" target=\"_self\">24 d\u00e9cembre 2024<\/a><\/span><span class=\"cvmm-post-author-name cvmm-post-meta-item\" itemprop=\"author\"><a href=\"https:\/\/horebnews.net\/index.php\/author\/madeleine-damiba\/\" target=\"_self\">Madeleine Damiba<\/a><\/span><span class=\"cvmm-post-comments-wrap cvmm-post-meta-item\"><a href=\"https:\/\/horebnews.net\/index.php\/sport\/grand-prix-du-president-du-faso-en-sports-equestres-le-jockey-nourou-kabore-decroche-la-medaille-dor\/\/#comments\" target=\"_self\">0<span class=\"cvmm-comment-txt\">Comments<\/span><\/a><\/span>                    <\/div>\r\n                    <div class=\"cvmm-post-content\" itemprop=\"description\">Le jockey Nourou KABORE a remport\u00e9 le samedi 21 d\u00e9cembre\u00a0 le troph\u00e9e du Grand Prix\u2026<\/div><div class=\"cvmm-read-more\"><a href=\"https:\/\/horebnews.net\/index.php\/sport\/grand-prix-du-president-du-faso-en-sports-equestres-le-jockey-nourou-kabore-decroche-la-medaille-dor\/\" target=\"_self\">LIRE PLUS<i class=\"fas fa-arrow-right\"><\/i><\/a><\/div>\r\n                <\/div><!-- .cvmm-post-content-all-wrapper --> \r\n            <\/article>\r\n                        <article post-id=\"post-1706\" class=\"cvmm-post post-format--standard\" itemscope itemtype=\"http:\/\/schema.org\/articleBody\">\r\n                                                <div class=\"cvmm-post-thumb\">\r\n                                <a href=\"https:\/\/horebnews.net\/index.php\/sport\/cyclisme-feminin-le-chef-de-letat-satisfait-de-la-prestation-des-etalons-au-burundi\/\" target=\"_self\"><img decoding=\"async\" src=\"https:\/\/horebnews.net\/wp-content\/uploads\/2024\/12\/cyclism.jpeg\" alt=\"Cyclisme f\u00e9minin : le Chef de l&rsquo;\u00c9tat satisfait de la prestation des Etalons au Burundi\"\/><\/a>\r\n                            <\/div>\r\n                    \r\n                <div class=\"cvmm-post-content-all-wrapper\">\r\n                                                <h2 class=\"cvmm-post-title\">\r\n                                <a href=\"https:\/\/horebnews.net\/index.php\/sport\/cyclisme-feminin-le-chef-de-letat-satisfait-de-la-prestation-des-etalons-au-burundi\/\" target=\"_self\">\r\n                                    Cyclisme f\u00e9minin : le Chef de l&rsquo;\u00c9tat satisfait de la prestation des Etalons au Burundi                                <\/a>\r\n                            <\/h2>\r\n                    \r\n                    <div class=\"cvmm-post-meta cvmm-meta-icon-show\">\r\n                        <span class=\"cvmm-post-date cvmm-post-meta-item\" itemprop=\"datePublished\"><a href=\"https:\/\/horebnews.net\/index.php\/sport\/cyclisme-feminin-le-chef-de-letat-satisfait-de-la-prestation-des-etalons-au-burundi\/\" target=\"_self\">10 d\u00e9cembre 2024<\/a><\/span><span class=\"cvmm-post-author-name cvmm-post-meta-item\" itemprop=\"author\"><a href=\"https:\/\/horebnews.net\/index.php\/author\/madeleine-damiba\/\" target=\"_self\">Madeleine Damiba<\/a><\/span><span class=\"cvmm-post-comments-wrap cvmm-post-meta-item\"><a href=\"https:\/\/horebnews.net\/index.php\/sport\/cyclisme-feminin-le-chef-de-letat-satisfait-de-la-prestation-des-etalons-au-burundi\/\/#comments\" target=\"_self\">0<span class=\"cvmm-comment-txt\">Comments<\/span><\/a><\/span>                    <\/div>\r\n                    <div class=\"cvmm-post-content\" itemprop=\"description\">Le Pr\u00e9sident du Faso, Chef de l\u2019Etat, le Capitaine Ibrahim TRAORE a accord\u00e9, ce jeudi\u2026<\/div><div class=\"cvmm-read-more\"><a href=\"https:\/\/horebnews.net\/index.php\/sport\/cyclisme-feminin-le-chef-de-letat-satisfait-de-la-prestation-des-etalons-au-burundi\/\" target=\"_self\">LIRE PLUS<i class=\"fas fa-arrow-right\"><\/i><\/a><\/div>\r\n                <\/div><!-- .cvmm-post-content-all-wrapper --> \r\n            <\/article>\r\n            <\/div>                <\/div><!-- #wpmagazine-modules-post-list-block -->\r\n        ","protected":false},"excerpt":{"rendered":"","protected":false},"author":1,"featured_media":0,"parent":0,"menu_order":0,"comment_status":"closed","ping_status":"closed","template":"","meta":{"footnotes":""},"yoast_head":"<!-- This site is optimized with the Yoast SEO plugin v22.9 - https:\/\/yoast.com\/wordpress\/plugins\/seo\/ -->\n<title>SPORT - HOREBNEWS<\/title>\n<meta name=\"robots\" content=\"index, follow, max-snippet:-1, max-image-preview:large, max-video-preview:-1\" \/>\n<link rel=\"canonical\" href=\"https:\/\/horebnews.net\/index.php\/sport\/\" \/>\n<meta property=\"og:locale\" content=\"fr_FR\" \/>\n<meta property=\"og:type\" content=\"article\" \/>\n<meta property=\"og:title\" content=\"SPORT - HOREBNEWS\" \/>\n<meta property=\"og:url\" content=\"https:\/\/horebnews.net\/index.php\/sport\/\" \/>\n<meta property=\"og:site_name\" content=\"HOREBNEWS\" \/>\n<meta property=\"article:modified_time\" content=\"2024-06-23T00:49:16+00:00\" \/>\n<meta name=\"twitter:card\" content=\"summary_large_image\" \/>\n<script type=\"application\/ld+json\" class=\"yoast-schema-graph\">{\"@context\":\"https:\/\/schema.org\",\"@graph\":[{\"@type\":\"WebPage\",\"@id\":\"https:\/\/horebnews.net\/index.php\/sport\/\",\"url\":\"https:\/\/horebnews.net\/index.php\/sport\/\",\"name\":\"SPORT - HOREBNEWS\",\"isPartOf\":{\"@id\":\"https:\/\/horebnews.net\/#website\"},\"datePublished\":\"2024-06-23T00:33:13+00:00\",\"dateModified\":\"2024-06-23T00:49:16+00:00\",\"breadcrumb\":{\"@id\":\"https:\/\/horebnews.net\/index.php\/sport\/#breadcrumb\"},\"inLanguage\":\"fr-FR\",\"potentialAction\":[{\"@type\":\"ReadAction\",\"target\":[\"https:\/\/horebnews.net\/index.php\/sport\/\"]}]},{\"@type\":\"BreadcrumbList\",\"@id\":\"https:\/\/horebnews.net\/index.php\/sport\/#breadcrumb\",\"itemListElement\":[{\"@type\":\"ListItem\",\"position\":1,\"name\":\"Accueil\",\"item\":\"https:\/\/horebnews.net\/\"},{\"@type\":\"ListItem\",\"position\":2,\"name\":\"SPORT\"}]},{\"@type\":\"WebSite\",\"@id\":\"https:\/\/horebnews.net\/#website\",\"url\":\"https:\/\/horebnews.net\/\",\"name\":\"HOREBNEWS\",\"description\":\"La vraie info\",\"publisher\":{\"@id\":\"https:\/\/horebnews.net\/#organization\"},\"potentialAction\":[{\"@type\":\"SearchAction\",\"target\":{\"@type\":\"EntryPoint\",\"urlTemplate\":\"https:\/\/horebnews.net\/?s={search_term_string}\"},\"query-input\":\"required name=search_term_string\"}],\"inLanguage\":\"fr-FR\"},{\"@type\":\"Organization\",\"@id\":\"https:\/\/horebnews.net\/#organization\",\"name\":\"HOREBNEWS\",\"url\":\"https:\/\/horebnews.net\/\",\"logo\":{\"@type\":\"ImageObject\",\"inLanguage\":\"fr-FR\",\"@id\":\"https:\/\/horebnews.net\/#\/schema\/logo\/image\/\",\"url\":\"http:\/\/horebnews.net\/wp-content\/uploads\/2024\/06\/Image-collee-7.png\",\"contentUrl\":\"http:\/\/horebnews.net\/wp-content\/uploads\/2024\/06\/Image-collee-7.png\",\"width\":399,\"height\":113,\"caption\":\"HOREBNEWS\"},\"image\":{\"@id\":\"https:\/\/horebnews.net\/#\/schema\/logo\/image\/\"}}]}<\/script>\n<!-- \/ Yoast SEO plugin. -->","yoast_head_json":{"title":"SPORT - HOREBNEWS","robots":{"index":"index","follow":"follow","max-snippet":"max-snippet:-1","max-image-preview":"max-image-preview:large","max-video-preview":"max-video-preview:-1"},"canonical":"https:\/\/horebnews.net\/index.php\/sport\/","og_locale":"fr_FR","og_type":"article","og_title":"SPORT - HOREBNEWS","og_url":"https:\/\/horebnews.net\/index.php\/sport\/","og_site_name":"HOREBNEWS","article_modified_time":"2024-06-23T00:49:16+00:00","twitter_card":"summary_large_image","schema":{"@context":"https:\/\/schema.org","@graph":[{"@type":"WebPage","@id":"https:\/\/horebnews.net\/index.php\/sport\/","url":"https:\/\/horebnews.net\/index.php\/sport\/","name":"SPORT - HOREBNEWS","isPartOf":{"@id":"https:\/\/horebnews.net\/#website"},"datePublished":"2024-06-23T00:33:13+00:00","dateModified":"2024-06-23T00:49:16+00:00","breadcrumb":{"@id":"https:\/\/horebnews.net\/index.php\/sport\/#breadcrumb"},"inLanguage":"fr-FR","potentialAction":[{"@type":"ReadAction","target":["https:\/\/horebnews.net\/index.php\/sport\/"]}]},{"@type":"BreadcrumbList","@id":"https:\/\/horebnews.net\/index.php\/sport\/#breadcrumb","itemListElement":[{"@type":"ListItem","position":1,"name":"Accueil","item":"https:\/\/horebnews.net\/"},{"@type":"ListItem","position":2,"name":"SPORT"}]},{"@type":"WebSite","@id":"https:\/\/horebnews.net\/#website","url":"https:\/\/horebnews.net\/","name":"HOREBNEWS","description":"La vraie info","publisher":{"@id":"https:\/\/horebnews.net\/#organization"},"potentialAction":[{"@type":"SearchAction","target":{"@type":"EntryPoint","urlTemplate":"https:\/\/horebnews.net\/?s={search_term_string}"},"query-input":"required name=search_term_string"}],"inLanguage":"fr-FR"},{"@type":"Organization","@id":"https:\/\/horebnews.net\/#organization","name":"HOREBNEWS","url":"https:\/\/horebnews.net\/","logo":{"@type":"ImageObject","inLanguage":"fr-FR","@id":"https:\/\/horebnews.net\/#\/schema\/logo\/image\/","url":"http:\/\/horebnews.net\/wp-content\/uploads\/2024\/06\/Image-collee-7.png","contentUrl":"http:\/\/horebnews.net\/wp-content\/uploads\/2024\/06\/Image-collee-7.png","width":399,"height":113,"caption":"HOREBNEWS"},"image":{"@id":"https:\/\/horebnews.net\/#\/schema\/logo\/image\/"}}]}},"wpmagazine_modules_lite_featured_media_urls":{"thumbnail":"","cvmm-medium":"","cvmm-medium-plus":"","cvmm-portrait":"","cvmm-medium-square":"","cvmm-large":"","cvmm-small":"","full":""},"categories_names":null,"comments_number":"0","_links":{"self":[{"href":"https:\/\/horebnews.net\/index.php\/wp-json\/wp\/v2\/pages\/575"}],"collection":[{"href":"https:\/\/horebnews.net\/index.php\/wp-json\/wp\/v2\/pages"}],"about":[{"href":"https:\/\/horebnews.net\/index.php\/wp-json\/wp\/v2\/types\/page"}],"author":[{"embeddable":true,"href":"https:\/\/horebnews.net\/index.php\/wp-json\/wp\/v2\/users\/1"}],"replies":[{"embeddable":true,"href":"https:\/\/horebnews.net\/index.php\/wp-json\/wp\/v2\/comments?post=575"}],"version-history":[{"count":3,"href":"https:\/\/horebnews.net\/index.php\/wp-json\/wp\/v2\/pages\/575\/revisions"}],"predecessor-version":[{"id":592,"href":"https:\/\/horebnews.net\/index.php\/wp-json\/wp\/v2\/pages\/575\/revisions\/592"}],"wp:attachment":[{"href":"https:\/\/horebnews.net\/index.php\/wp-json\/wp\/v2\/media?parent=575"}],"curies":[{"name":"wp","href":"https:\/\/api.w.org\/{rel}","templated":true}]}}