{"id":572,"date":"2024-06-23T02:29:52","date_gmt":"2024-06-23T00:29:52","guid":{"rendered":"http:\/\/horebnews.net\/?page_id=572"},"modified":"2024-06-23T02:39:24","modified_gmt":"2024-06-23T00:39:24","slug":"international","status":"publish","type":"page","link":"https:\/\/horebnews.net\/index.php\/international\/","title":{"rendered":"INTERNATIONAL"},"content":{"rendered":"                <div id=\"wpmagazine-modules-lite-post-list-block-52dc0b33-3a15-4402-8fb3-6502748cd9cb\" class=\"wpmagazine-modules-lite-post-list-block alignwide block-52dc0b33-3a15-4402-8fb3-6502748cd9cb cvmm-block cvmm-block-post-list--layout-default\">\r\n                        <div class=\"cvmm-post-wrapper cvmm-post--imagemargin column--one\">\r\n                        <article post-id=\"post-2620\" class=\"cvmm-post post-format--standard\" itemscope itemtype=\"http:\/\/schema.org\/articleBody\">\r\n                                                <div class=\"cvmm-post-thumb\">\r\n                                <a href=\"https:\/\/horebnews.net\/index.php\/international\/tension-entre-bamako-et-paris-la-france-suspend-sa-cooperation-antiterroriste-avec-le-mali\/\" target=\"_self\"><img decoding=\"async\" src=\"https:\/\/horebnews.net\/wp-content\/uploads\/2025\/09\/macron.webp\" alt=\"Tension entre Bamako et Paris : La France suspend sa coop\u00e9ration antiterroriste avec le Mali\"\/><\/a>\r\n                            <\/div>\r\n                    \r\n                <div class=\"cvmm-post-content-all-wrapper\">\r\n                                                <h2 class=\"cvmm-post-title\">\r\n                                <a href=\"https:\/\/horebnews.net\/index.php\/international\/tension-entre-bamako-et-paris-la-france-suspend-sa-cooperation-antiterroriste-avec-le-mali\/\" target=\"_self\">\r\n                                    Tension entre Bamako et Paris : La France suspend sa coop\u00e9ration antiterroriste avec le Mali                                <\/a>\r\n                            <\/h2>\r\n                    \r\n                    <div class=\"cvmm-post-meta cvmm-meta-icon-show\">\r\n                        <span class=\"cvmm-post-date cvmm-post-meta-item\" itemprop=\"datePublished\"><a href=\"https:\/\/horebnews.net\/index.php\/international\/tension-entre-bamako-et-paris-la-france-suspend-sa-cooperation-antiterroriste-avec-le-mali\/\" target=\"_self\">il y a 7 mois<\/a><\/span><span class=\"cvmm-post-author-name cvmm-post-meta-item\" itemprop=\"author\"><a href=\"https:\/\/horebnews.net\/index.php\/author\/demsco82\/\" target=\"_self\">Salvador Ki\u00e9br\u00e9<\/a><\/span><span class=\"cvmm-post-comments-wrap cvmm-post-meta-item\"><a href=\"https:\/\/horebnews.net\/index.php\/international\/tension-entre-bamako-et-paris-la-france-suspend-sa-cooperation-antiterroriste-avec-le-mali\/\/#comments\" target=\"_self\">0<span class=\"cvmm-comment-txt\">Comments<\/span><\/a><\/span>                    <\/div>\r\n                    <div class=\"cvmm-post-content\" itemprop=\"description\">Les autorit\u00e9s fran\u00e7aises ont d\u00e9cid\u00e9 suspendre la coop\u00e9ration antiterroriste avec le Mali a-t-on appris vendredi\u2026<\/div><div class=\"cvmm-read-more\"><a href=\"https:\/\/horebnews.net\/index.php\/international\/tension-entre-bamako-et-paris-la-france-suspend-sa-cooperation-antiterroriste-avec-le-mali\/\" target=\"_self\">LIRE PLUS<i class=\"fas fa-arrow-right\"><\/i><\/a><\/div>\r\n                <\/div><!-- .cvmm-post-content-all-wrapper --> \r\n            <\/article>\r\n                        <article post-id=\"post-2574\" class=\"cvmm-post post-format--standard\" itemscope itemtype=\"http:\/\/schema.org\/articleBody\">\r\n                                                <div class=\"cvmm-post-thumb\">\r\n                                <a href=\"https:\/\/horebnews.net\/index.php\/international\/primature-francaise-sebastien-lecornu-prend-les-renes\/\" target=\"_self\"><img decoding=\"async\" src=\"https:\/\/horebnews.net\/wp-content\/uploads\/2025\/09\/lecornu.webp\" alt=\"Primature Fran\u00e7aise : S\u00e9bastien Lecornu prend les r\u00eanes\"\/><\/a>\r\n                            <\/div>\r\n                    \r\n                <div class=\"cvmm-post-content-all-wrapper\">\r\n                                                <h2 class=\"cvmm-post-title\">\r\n                                <a href=\"https:\/\/horebnews.net\/index.php\/international\/primature-francaise-sebastien-lecornu-prend-les-renes\/\" target=\"_self\">\r\n                                    Primature Fran\u00e7aise : S\u00e9bastien Lecornu prend les r\u00eanes                                <\/a>\r\n                            <\/h2>\r\n                    \r\n                    <div class=\"cvmm-post-meta cvmm-meta-icon-show\">\r\n                        <span class=\"cvmm-post-date cvmm-post-meta-item\" itemprop=\"datePublished\"><a href=\"https:\/\/horebnews.net\/index.php\/international\/primature-francaise-sebastien-lecornu-prend-les-renes\/\" target=\"_self\">il y a 7 mois<\/a><\/span><span class=\"cvmm-post-author-name cvmm-post-meta-item\" itemprop=\"author\"><a href=\"https:\/\/horebnews.net\/index.php\/author\/demsco82\/\" target=\"_self\">Salvador Ki\u00e9br\u00e9<\/a><\/span><span class=\"cvmm-post-comments-wrap cvmm-post-meta-item\"><a href=\"https:\/\/horebnews.net\/index.php\/international\/primature-francaise-sebastien-lecornu-prend-les-renes\/\/#comments\" target=\"_self\">0<span class=\"cvmm-comment-txt\">Comments<\/span><\/a><\/span>                    <\/div>\r\n                    <div class=\"cvmm-post-content\" itemprop=\"description\">Le pr\u00e9sident fran\u00e7ais, Emmanuel Macron, a nomm\u00e9 mardi 9 septembre 2025, le ministre des Arm\u00e9es\u2026<\/div><div class=\"cvmm-read-more\"><a href=\"https:\/\/horebnews.net\/index.php\/international\/primature-francaise-sebastien-lecornu-prend-les-renes\/\" target=\"_self\">LIRE PLUS<i class=\"fas fa-arrow-right\"><\/i><\/a><\/div>\r\n                <\/div><!-- .cvmm-post-content-all-wrapper --> \r\n            <\/article>\r\n                        <article post-id=\"post-2571\" class=\"cvmm-post post-format--standard\" itemscope itemtype=\"http:\/\/schema.org\/articleBody\">\r\n                                                <div class=\"cvmm-post-thumb\">\r\n                                <a href=\"https:\/\/horebnews.net\/index.php\/international\/france-le-premier-ministre-destitue-par-les-deputes\/\" target=\"_self\"><img decoding=\"async\" src=\"https:\/\/horebnews.net\/wp-content\/uploads\/2025\/09\/francois.webp\" alt=\"France : le premier ministre destitu\u00e9 par les d\u00e9put\u00e9s\"\/><\/a>\r\n                            <\/div>\r\n                    \r\n                <div class=\"cvmm-post-content-all-wrapper\">\r\n                                                <h2 class=\"cvmm-post-title\">\r\n                                <a href=\"https:\/\/horebnews.net\/index.php\/international\/france-le-premier-ministre-destitue-par-les-deputes\/\" target=\"_self\">\r\n                                    France : le premier ministre destitu\u00e9 par les d\u00e9put\u00e9s                                <\/a>\r\n                            <\/h2>\r\n                    \r\n                    <div class=\"cvmm-post-meta cvmm-meta-icon-show\">\r\n                        <span class=\"cvmm-post-date cvmm-post-meta-item\" itemprop=\"datePublished\"><a href=\"https:\/\/horebnews.net\/index.php\/international\/france-le-premier-ministre-destitue-par-les-deputes\/\" target=\"_self\">il y a 7 mois<\/a><\/span><span class=\"cvmm-post-author-name cvmm-post-meta-item\" itemprop=\"author\"><a href=\"https:\/\/horebnews.net\/index.php\/author\/demsco82\/\" target=\"_self\">Salvador Ki\u00e9br\u00e9<\/a><\/span><span class=\"cvmm-post-comments-wrap cvmm-post-meta-item\"><a href=\"https:\/\/horebnews.net\/index.php\/international\/france-le-premier-ministre-destitue-par-les-deputes\/\/#comments\" target=\"_self\">0<span class=\"cvmm-comment-txt\">Comments<\/span><\/a><\/span>                    <\/div>\r\n                    <div class=\"cvmm-post-content\" itemprop=\"description\">L&rsquo;Assembl\u00e9e nationale fran\u00e7aise a renvers\u00e9 lundi 8 septembre 2025, Fran\u00e7ois Bayrou. Il a \u00e9t\u00e9 censur\u00e9\u2026<\/div><div class=\"cvmm-read-more\"><a href=\"https:\/\/horebnews.net\/index.php\/international\/france-le-premier-ministre-destitue-par-les-deputes\/\" target=\"_self\">LIRE PLUS<i class=\"fas fa-arrow-right\"><\/i><\/a><\/div>\r\n                <\/div><!-- .cvmm-post-content-all-wrapper --> \r\n            <\/article>\r\n                        <article post-id=\"post-2552\" class=\"cvmm-post post-format--standard\" itemscope itemtype=\"http:\/\/schema.org\/articleBody\">\r\n                                                <div class=\"cvmm-post-thumb\">\r\n                                <a href=\"https:\/\/horebnews.net\/index.php\/international\/presidentielle-en-cote-divoire-le-conseil-constitutionnel-valide-la-candidature-du-president-ouattara-et-rejette-celle-de-lancien-president-laurent-gbagbo\/\" target=\"_self\"><img decoding=\"async\" src=\"https:\/\/horebnews.net\/wp-content\/uploads\/2025\/09\/541422028_1225875012917514_1749803150897826843_n.jpg\" alt=\"Pr\u00e9sidentielle en c\u00f4te d\u2019ivoire : le conseil constitutionnel valide la candidature du pr\u00e9sident Ouattara et rejette celle de l\u2019ancien pr\u00e9sident Laurent Gbagbo.\"\/><\/a>\r\n                            <\/div>\r\n                    \r\n                <div class=\"cvmm-post-content-all-wrapper\">\r\n                                                <h2 class=\"cvmm-post-title\">\r\n                                <a href=\"https:\/\/horebnews.net\/index.php\/international\/presidentielle-en-cote-divoire-le-conseil-constitutionnel-valide-la-candidature-du-president-ouattara-et-rejette-celle-de-lancien-president-laurent-gbagbo\/\" target=\"_self\">\r\n                                    Pr\u00e9sidentielle en c\u00f4te d\u2019ivoire : le conseil constitutionnel valide la candidature du pr\u00e9sident Ouattara et rejette celle de l\u2019ancien pr\u00e9sident Laurent Gbagbo.                                <\/a>\r\n                            <\/h2>\r\n                    \r\n                    <div class=\"cvmm-post-meta cvmm-meta-icon-show\">\r\n                        <span class=\"cvmm-post-date cvmm-post-meta-item\" itemprop=\"datePublished\"><a href=\"https:\/\/horebnews.net\/index.php\/international\/presidentielle-en-cote-divoire-le-conseil-constitutionnel-valide-la-candidature-du-president-ouattara-et-rejette-celle-de-lancien-president-laurent-gbagbo\/\" target=\"_self\">il y a 8 mois<\/a><\/span><span class=\"cvmm-post-author-name cvmm-post-meta-item\" itemprop=\"author\"><a href=\"https:\/\/horebnews.net\/index.php\/author\/demsco82\/\" target=\"_self\">Salvador Ki\u00e9br\u00e9<\/a><\/span><span class=\"cvmm-post-comments-wrap cvmm-post-meta-item\"><a href=\"https:\/\/horebnews.net\/index.php\/international\/presidentielle-en-cote-divoire-le-conseil-constitutionnel-valide-la-candidature-du-president-ouattara-et-rejette-celle-de-lancien-president-laurent-gbagbo\/\/#comments\" target=\"_self\">0<span class=\"cvmm-comment-txt\">Comments<\/span><\/a><\/span>                    <\/div>\r\n                    <div class=\"cvmm-post-content\" itemprop=\"description\">Le Conseil constitutionnel a d\u00e9voil\u00e9, ce lundi 8 septembre 2025, la liste d\u00e9finitive des candidats\u2026<\/div><div class=\"cvmm-read-more\"><a href=\"https:\/\/horebnews.net\/index.php\/international\/presidentielle-en-cote-divoire-le-conseil-constitutionnel-valide-la-candidature-du-president-ouattara-et-rejette-celle-de-lancien-president-laurent-gbagbo\/\" target=\"_self\">LIRE PLUS<i class=\"fas fa-arrow-right\"><\/i><\/a><\/div>\r\n                <\/div><!-- .cvmm-post-content-all-wrapper --> \r\n            <\/article>\r\n                        <article post-id=\"post-2540\" class=\"cvmm-post post-format--standard\" itemscope itemtype=\"http:\/\/schema.org\/articleBody\">\r\n                                                <div class=\"cvmm-post-thumb\">\r\n                                <a href=\"https:\/\/horebnews.net\/index.php\/international\/la-rdc-enregistre-officiellement-sa-16e-epidemie-debola\/\" target=\"_self\"><img decoding=\"async\" src=\"https:\/\/horebnews.net\/wp-content\/uploads\/2025\/09\/image1170x530cropped-1-1.jpg\" alt=\"La RDC enregistre officiellement sa 16e \u00e9pid\u00e9mie d\u2019Ebola.\"\/><\/a>\r\n                            <\/div>\r\n                    \r\n                <div class=\"cvmm-post-content-all-wrapper\">\r\n                                                <h2 class=\"cvmm-post-title\">\r\n                                <a href=\"https:\/\/horebnews.net\/index.php\/international\/la-rdc-enregistre-officiellement-sa-16e-epidemie-debola\/\" target=\"_self\">\r\n                                    La RDC enregistre officiellement sa 16e \u00e9pid\u00e9mie d\u2019Ebola.                                <\/a>\r\n                            <\/h2>\r\n                    \r\n                    <div class=\"cvmm-post-meta cvmm-meta-icon-show\">\r\n                        <span class=\"cvmm-post-date cvmm-post-meta-item\" itemprop=\"datePublished\"><a href=\"https:\/\/horebnews.net\/index.php\/international\/la-rdc-enregistre-officiellement-sa-16e-epidemie-debola\/\" target=\"_self\">il y a 8 mois<\/a><\/span><span class=\"cvmm-post-author-name cvmm-post-meta-item\" itemprop=\"author\"><a href=\"https:\/\/horebnews.net\/index.php\/author\/demsco82\/\" target=\"_self\">Salvador Ki\u00e9br\u00e9<\/a><\/span><span class=\"cvmm-post-comments-wrap cvmm-post-meta-item\"><a href=\"https:\/\/horebnews.net\/index.php\/international\/la-rdc-enregistre-officiellement-sa-16e-epidemie-debola\/\/#comments\" target=\"_self\">0<span class=\"cvmm-comment-txt\">Comments<\/span><\/a><\/span>                    <\/div>\r\n                    <div class=\"cvmm-post-content\" itemprop=\"description\">Le gouvernement de la R\u00e9publique d\u00e9mocratique du Congo (RDC) a annonc\u00e9 ce jeudi 4 septembre\u2026<\/div><div class=\"cvmm-read-more\"><a href=\"https:\/\/horebnews.net\/index.php\/international\/la-rdc-enregistre-officiellement-sa-16e-epidemie-debola\/\" target=\"_self\">LIRE PLUS<i class=\"fas fa-arrow-right\"><\/i><\/a><\/div>\r\n                <\/div><!-- .cvmm-post-content-all-wrapper --> \r\n            <\/article>\r\n                        <article post-id=\"post-2531\" class=\"cvmm-post post-format--standard\" itemscope itemtype=\"http:\/\/schema.org\/articleBody\">\r\n                                                <div class=\"cvmm-post-thumb\">\r\n                                <a href=\"https:\/\/horebnews.net\/index.php\/international\/epidemie-de-cholera-au-tchad-plus-de-110-deces-enregistres-dans-la-region-est\/\" target=\"_self\"><img decoding=\"async\" src=\"https:\/\/horebnews.net\/wp-content\/uploads\/2025\/09\/cholera.jpg\" alt=\"\u00c9pid\u00e9mie de chol\u00e9ra au Tchad : plus de 110 d\u00e9c\u00e8s enregistr\u00e9s dans la r\u00e9gion Est.\"\/><\/a>\r\n                            <\/div>\r\n                    \r\n                <div class=\"cvmm-post-content-all-wrapper\">\r\n                                                <h2 class=\"cvmm-post-title\">\r\n                                <a href=\"https:\/\/horebnews.net\/index.php\/international\/epidemie-de-cholera-au-tchad-plus-de-110-deces-enregistres-dans-la-region-est\/\" target=\"_self\">\r\n                                    \u00c9pid\u00e9mie de chol\u00e9ra au Tchad : plus de 110 d\u00e9c\u00e8s enregistr\u00e9s dans la r\u00e9gion Est.                                <\/a>\r\n                            <\/h2>\r\n                    \r\n                    <div class=\"cvmm-post-meta cvmm-meta-icon-show\">\r\n                        <span class=\"cvmm-post-date cvmm-post-meta-item\" itemprop=\"datePublished\"><a href=\"https:\/\/horebnews.net\/index.php\/international\/epidemie-de-cholera-au-tchad-plus-de-110-deces-enregistres-dans-la-region-est\/\" target=\"_self\">il y a 8 mois<\/a><\/span><span class=\"cvmm-post-author-name cvmm-post-meta-item\" itemprop=\"author\"><a href=\"https:\/\/horebnews.net\/index.php\/author\/demsco82\/\" target=\"_self\">Salvador Ki\u00e9br\u00e9<\/a><\/span><span class=\"cvmm-post-comments-wrap cvmm-post-meta-item\"><a href=\"https:\/\/horebnews.net\/index.php\/international\/epidemie-de-cholera-au-tchad-plus-de-110-deces-enregistres-dans-la-region-est\/\/#comments\" target=\"_self\">0<span class=\"cvmm-comment-txt\">Comments<\/span><\/a><\/span>                    <\/div>\r\n                    <div class=\"cvmm-post-content\" itemprop=\"description\">Ce vendredi 5 septembre Cent trois d\u00e9c\u00e8s ont \u00e9t\u00e9 enregistr\u00e9s dans sept districts sanitaires r\u00e9partis\u2026<\/div><div class=\"cvmm-read-more\"><a href=\"https:\/\/horebnews.net\/index.php\/international\/epidemie-de-cholera-au-tchad-plus-de-110-deces-enregistres-dans-la-region-est\/\" target=\"_self\">LIRE PLUS<i class=\"fas fa-arrow-right\"><\/i><\/a><\/div>\r\n                <\/div><!-- .cvmm-post-content-all-wrapper --> \r\n            <\/article>\r\n            <\/div>                <\/div><!-- #wpmagazine-modules-post-list-block -->\r\n        ","protected":false},"excerpt":{"rendered":"","protected":false},"author":1,"featured_media":0,"parent":0,"menu_order":0,"comment_status":"closed","ping_status":"closed","template":"","meta":{"footnotes":""},"yoast_head":"<!-- This site is optimized with the Yoast SEO plugin v22.9 - https:\/\/yoast.com\/wordpress\/plugins\/seo\/ -->\n<title>INTERNATIONAL - HOREBNEWS<\/title>\n<meta name=\"robots\" content=\"index, follow, max-snippet:-1, max-image-preview:large, max-video-preview:-1\" \/>\n<link rel=\"canonical\" href=\"https:\/\/horebnews.net\/index.php\/international\/\" \/>\n<meta property=\"og:locale\" content=\"fr_FR\" \/>\n<meta property=\"og:type\" content=\"article\" \/>\n<meta property=\"og:title\" content=\"INTERNATIONAL - HOREBNEWS\" \/>\n<meta property=\"og:url\" content=\"https:\/\/horebnews.net\/index.php\/international\/\" \/>\n<meta property=\"og:site_name\" content=\"HOREBNEWS\" \/>\n<meta property=\"article:modified_time\" content=\"2024-06-23T00:39:24+00:00\" \/>\n<meta name=\"twitter:card\" content=\"summary_large_image\" \/>\n<script type=\"application\/ld+json\" class=\"yoast-schema-graph\">{\"@context\":\"https:\/\/schema.org\",\"@graph\":[{\"@type\":\"WebPage\",\"@id\":\"https:\/\/horebnews.net\/index.php\/international\/\",\"url\":\"https:\/\/horebnews.net\/index.php\/international\/\",\"name\":\"INTERNATIONAL - HOREBNEWS\",\"isPartOf\":{\"@id\":\"https:\/\/horebnews.net\/#website\"},\"datePublished\":\"2024-06-23T00:29:52+00:00\",\"dateModified\":\"2024-06-23T00:39:24+00:00\",\"breadcrumb\":{\"@id\":\"https:\/\/horebnews.net\/index.php\/international\/#breadcrumb\"},\"inLanguage\":\"fr-FR\",\"potentialAction\":[{\"@type\":\"ReadAction\",\"target\":[\"https:\/\/horebnews.net\/index.php\/international\/\"]}]},{\"@type\":\"BreadcrumbList\",\"@id\":\"https:\/\/horebnews.net\/index.php\/international\/#breadcrumb\",\"itemListElement\":[{\"@type\":\"ListItem\",\"position\":1,\"name\":\"Accueil\",\"item\":\"https:\/\/horebnews.net\/\"},{\"@type\":\"ListItem\",\"position\":2,\"name\":\"INTERNATIONAL\"}]},{\"@type\":\"WebSite\",\"@id\":\"https:\/\/horebnews.net\/#website\",\"url\":\"https:\/\/horebnews.net\/\",\"name\":\"HOREBNEWS\",\"description\":\"La vraie info\",\"publisher\":{\"@id\":\"https:\/\/horebnews.net\/#organization\"},\"potentialAction\":[{\"@type\":\"SearchAction\",\"target\":{\"@type\":\"EntryPoint\",\"urlTemplate\":\"https:\/\/horebnews.net\/?s={search_term_string}\"},\"query-input\":\"required name=search_term_string\"}],\"inLanguage\":\"fr-FR\"},{\"@type\":\"Organization\",\"@id\":\"https:\/\/horebnews.net\/#organization\",\"name\":\"HOREBNEWS\",\"url\":\"https:\/\/horebnews.net\/\",\"logo\":{\"@type\":\"ImageObject\",\"inLanguage\":\"fr-FR\",\"@id\":\"https:\/\/horebnews.net\/#\/schema\/logo\/image\/\",\"url\":\"http:\/\/horebnews.net\/wp-content\/uploads\/2024\/06\/Image-collee-7.png\",\"contentUrl\":\"http:\/\/horebnews.net\/wp-content\/uploads\/2024\/06\/Image-collee-7.png\",\"width\":399,\"height\":113,\"caption\":\"HOREBNEWS\"},\"image\":{\"@id\":\"https:\/\/horebnews.net\/#\/schema\/logo\/image\/\"}}]}<\/script>\n<!-- \/ Yoast SEO plugin. -->","yoast_head_json":{"title":"INTERNATIONAL - HOREBNEWS","robots":{"index":"index","follow":"follow","max-snippet":"max-snippet:-1","max-image-preview":"max-image-preview:large","max-video-preview":"max-video-preview:-1"},"canonical":"https:\/\/horebnews.net\/index.php\/international\/","og_locale":"fr_FR","og_type":"article","og_title":"INTERNATIONAL - HOREBNEWS","og_url":"https:\/\/horebnews.net\/index.php\/international\/","og_site_name":"HOREBNEWS","article_modified_time":"2024-06-23T00:39:24+00:00","twitter_card":"summary_large_image","schema":{"@context":"https:\/\/schema.org","@graph":[{"@type":"WebPage","@id":"https:\/\/horebnews.net\/index.php\/international\/","url":"https:\/\/horebnews.net\/index.php\/international\/","name":"INTERNATIONAL - HOREBNEWS","isPartOf":{"@id":"https:\/\/horebnews.net\/#website"},"datePublished":"2024-06-23T00:29:52+00:00","dateModified":"2024-06-23T00:39:24+00:00","breadcrumb":{"@id":"https:\/\/horebnews.net\/index.php\/international\/#breadcrumb"},"inLanguage":"fr-FR","potentialAction":[{"@type":"ReadAction","target":["https:\/\/horebnews.net\/index.php\/international\/"]}]},{"@type":"BreadcrumbList","@id":"https:\/\/horebnews.net\/index.php\/international\/#breadcrumb","itemListElement":[{"@type":"ListItem","position":1,"name":"Accueil","item":"https:\/\/horebnews.net\/"},{"@type":"ListItem","position":2,"name":"INTERNATIONAL"}]},{"@type":"WebSite","@id":"https:\/\/horebnews.net\/#website","url":"https:\/\/horebnews.net\/","name":"HOREBNEWS","description":"La vraie info","publisher":{"@id":"https:\/\/horebnews.net\/#organization"},"potentialAction":[{"@type":"SearchAction","target":{"@type":"EntryPoint","urlTemplate":"https:\/\/horebnews.net\/?s={search_term_string}"},"query-input":"required name=search_term_string"}],"inLanguage":"fr-FR"},{"@type":"Organization","@id":"https:\/\/horebnews.net\/#organization","name":"HOREBNEWS","url":"https:\/\/horebnews.net\/","logo":{"@type":"ImageObject","inLanguage":"fr-FR","@id":"https:\/\/horebnews.net\/#\/schema\/logo\/image\/","url":"http:\/\/horebnews.net\/wp-content\/uploads\/2024\/06\/Image-collee-7.png","contentUrl":"http:\/\/horebnews.net\/wp-content\/uploads\/2024\/06\/Image-collee-7.png","width":399,"height":113,"caption":"HOREBNEWS"},"image":{"@id":"https:\/\/horebnews.net\/#\/schema\/logo\/image\/"}}]}},"wpmagazine_modules_lite_featured_media_urls":{"thumbnail":"","cvmm-medium":"","cvmm-medium-plus":"","cvmm-portrait":"","cvmm-medium-square":"","cvmm-large":"","cvmm-small":"","full":""},"categories_names":null,"comments_number":"0","_links":{"self":[{"href":"https:\/\/horebnews.net\/index.php\/wp-json\/wp\/v2\/pages\/572"}],"collection":[{"href":"https:\/\/horebnews.net\/index.php\/wp-json\/wp\/v2\/pages"}],"about":[{"href":"https:\/\/horebnews.net\/index.php\/wp-json\/wp\/v2\/types\/page"}],"author":[{"embeddable":true,"href":"https:\/\/horebnews.net\/index.php\/wp-json\/wp\/v2\/users\/1"}],"replies":[{"embeddable":true,"href":"https:\/\/horebnews.net\/index.php\/wp-json\/wp\/v2\/comments?post=572"}],"version-history":[{"count":3,"href":"https:\/\/horebnews.net\/index.php\/wp-json\/wp\/v2\/pages\/572\/revisions"}],"predecessor-version":[{"id":583,"href":"https:\/\/horebnews.net\/index.php\/wp-json\/wp\/v2\/pages\/572\/revisions\/583"}],"wp:attachment":[{"href":"https:\/\/horebnews.net\/index.php\/wp-json\/wp\/v2\/media?parent=572"}],"curies":[{"name":"wp","href":"https:\/\/api.w.org\/{rel}","templated":true}]}}