{"version":"1.0","provider_name":"HOREBNEWS","provider_url":"https:\/\/horebnews.net","author_name":"Salvador Ki\u00e9br\u00e9","author_url":"https:\/\/horebnews.net\/index.php\/author\/demsco82\/","title":"France : le premier ministre destitu\u00e9 par les d\u00e9put\u00e9s - HOREBNEWS","type":"rich","width":600,"height":338,"html":"<blockquote class=\"wp-embedded-content\" data-secret=\"m513UrhrSZ\"><a href=\"https:\/\/horebnews.net\/index.php\/international\/france-le-premier-ministre-destitue-par-les-deputes\/\">France : le premier ministre destitu\u00e9 par les d\u00e9put\u00e9s<\/a><\/blockquote><iframe sandbox=\"allow-scripts\" security=\"restricted\" src=\"https:\/\/horebnews.net\/index.php\/international\/france-le-premier-ministre-destitue-par-les-deputes\/embed\/#?secret=m513UrhrSZ\" width=\"600\" height=\"338\" title=\"\u00ab\u00a0France : le premier ministre destitu\u00e9 par les d\u00e9put\u00e9s\u00a0\u00bb &#8212; HOREBNEWS\" data-secret=\"m513UrhrSZ\" frameborder=\"0\" marginwidth=\"0\" marginheight=\"0\" scrolling=\"no\" class=\"wp-embedded-content\"><\/iframe><script type=\"text\/javascript\">\n\/* <![CDATA[ *\/\n\/*! This file is auto-generated *\/\n!function(d,l){\"use strict\";l.querySelector&&d.addEventListener&&\"undefined\"!=typeof URL&&(d.wp=d.wp||{},d.wp.receiveEmbedMessage||(d.wp.receiveEmbedMessage=function(e){var t=e.data;if((t||t.secret||t.message||t.value)&&!\/[^a-zA-Z0-9]\/.test(t.secret)){for(var s,r,n,a=l.querySelectorAll('iframe[data-secret=\"'+t.secret+'\"]'),o=l.querySelectorAll('blockquote[data-secret=\"'+t.secret+'\"]'),c=new RegExp(\"^https?:$\",\"i\"),i=0;i<o.length;i++)o[i].style.display=\"none\";for(i=0;i<a.length;i++)s=a[i],e.source===s.contentWindow&&(s.removeAttribute(\"style\"),\"height\"===t.message?(1e3<(r=parseInt(t.value,10))?r=1e3:~~r<200&&(r=200),s.height=r):\"link\"===t.message&&(r=new URL(s.getAttribute(\"src\")),n=new URL(t.value),c.test(n.protocol))&&n.host===r.host&&l.activeElement===s&&(d.top.location.href=t.value))}},d.addEventListener(\"message\",d.wp.receiveEmbedMessage,!1),l.addEventListener(\"DOMContentLoaded\",function(){for(var e,t,s=l.querySelectorAll(\"iframe.wp-embedded-content\"),r=0;r<s.length;r++)(t=(e=s[r]).getAttribute(\"data-secret\"))||(t=Math.random().toString(36).substring(2,12),e.src+=\"#?secret=\"+t,e.setAttribute(\"data-secret\",t)),e.contentWindow.postMessage({message:\"ready\",secret:t},\"*\")},!1)))}(window,document);\n\/* ]]> *\/\n<\/script>\n","thumbnail_url":"http:\/\/horebnews.net\/wp-content\/uploads\/2025\/09\/francois.webp","thumbnail_width":474,"thumbnail_height":249,"description":"L&rsquo;Assembl\u00e9e nationale fran\u00e7aise a renvers\u00e9 lundi 8 septembre 2025, Fran\u00e7ois Bayrou. Il a \u00e9t\u00e9 censur\u00e9 ce lundi \u00e0 364 voix contre face \u00e0 194 voix pour (macronistes, MoDem, Horizons et R\u00e9publicains) Fran\u00e7ois Bayrou, devient le Premier chef de gouvernement de la Ve R\u00e9publique \u00e0 \u00e9chouer sur un tel vote. Les regards sont d\u00e9sormais tourn\u00e9s vers [&hellip;]"}